{"id":441,"date":"2018-05-31T20:30:52","date_gmt":"2018-05-31T18:30:52","guid":{"rendered":"http:\/\/juraferien.pietra.ch\/?page_id=441"},"modified":"2022-01-25T22:30:40","modified_gmt":"2022-01-25T21:30:40","slug":"atelierhaus-i","status":"publish","type":"page","link":"https:\/\/juraferien.ch\/?page_id=441","title":{"rendered":"Atelierhaus I"},"content":{"rendered":"<p style=\"padding-left: 30px;\">Das Atelierhaus, gewidmet dem Physiker, Maler und Schriftsteller<a href=\"https:\/\/www.edition-lgc.de\/\"><strong> Karl Ballmer<\/strong> (1891- 1958)<\/a>, liegt hofnah unter einer alten Baumgruppe.<\/p>\n<p>Atelier 1, der \u00f6stliche Teil des Atelierhauses mit Blick auf den Hofplatz &#8222;la place de la r\u00e9publique&#8220;, ist ausgelegt f\u00fcr bis zu 8 Personen. Es verf\u00fcgt im Erdgeschoss \u00fcber einen hohen hellen Raum f\u00fcr K\u00fcche, Essplatz mit Holzofen sowie gem\u00fctliche Sofaecke. Erdgeschossig auch das Bad mit Dusche\/WC. Die insgesamt 3 Schlafr\u00e4ume, 2 davon auf einer Galerie, beherbergen jeweils 2 bis 3 Betten. Terasse nach Ost und S\u00fcd, Feuerstelle.<br>und, nicht zu vergessen: ein gut gestimmtes Klavier&#8230;<\/p>\n<p><\/p>\n<p><img loading=\"lazy\" decoding=\"async\" class=\"size-large wp-image-530 aligncenter\" src=\"https:\/\/juraferien.ch\/wp-content\/uploads\/2018\/08\/DSC_3862-1024x683.jpg\" alt=\"\" width=\"525\" height=\"350\" srcset=\"https:\/\/juraferien.ch\/wp-content\/uploads\/2018\/08\/DSC_3862-1024x683.jpg 1024w, https:\/\/juraferien.ch\/wp-content\/uploads\/2018\/08\/DSC_3862-300x200.jpg 300w, https:\/\/juraferien.ch\/wp-content\/uploads\/2018\/08\/DSC_3862-768x512.jpg 768w\" sizes=\"auto, (max-width: 525px) 100vw, 525px\" \/><\/p>\n<p><img loading=\"lazy\" decoding=\"async\" class=\"size-large wp-image-525 aligncenter\" src=\"https:\/\/juraferien.ch\/wp-content\/uploads\/2018\/08\/DSC_3867-1024x683.jpg\" alt=\"\" width=\"525\" height=\"350\" srcset=\"https:\/\/juraferien.ch\/wp-content\/uploads\/2018\/08\/DSC_3867-1024x683.jpg 1024w, https:\/\/juraferien.ch\/wp-content\/uploads\/2018\/08\/DSC_3867-300x200.jpg 300w, https:\/\/juraferien.ch\/wp-content\/uploads\/2018\/08\/DSC_3867-768x512.jpg 768w\" sizes=\"auto, (max-width: 525px) 100vw, 525px\" \/><\/p>\n<p><img loading=\"lazy\" decoding=\"async\" class=\"size-large wp-image-532 aligncenter\" src=\"https:\/\/juraferien.ch\/wp-content\/uploads\/2018\/08\/DSC_3888-1-1024x683.jpg\" alt=\"\" width=\"525\" height=\"350\" srcset=\"https:\/\/juraferien.ch\/wp-content\/uploads\/2018\/08\/DSC_3888-1-1024x683.jpg 1024w, https:\/\/juraferien.ch\/wp-content\/uploads\/2018\/08\/DSC_3888-1-300x200.jpg 300w, https:\/\/juraferien.ch\/wp-content\/uploads\/2018\/08\/DSC_3888-1-768x512.jpg 768w\" sizes=\"auto, (max-width: 525px) 100vw, 525px\" \/><\/p>\n<p><img loading=\"lazy\" decoding=\"async\" class=\"aligncenter wp-image-526 size-large\" src=\"https:\/\/juraferien.ch\/wp-content\/uploads\/2018\/08\/DSC_3879-e1534840263722-683x1024.jpg\" alt=\"\" width=\"525\" height=\"787\" srcset=\"https:\/\/juraferien.ch\/wp-content\/uploads\/2018\/08\/DSC_3879-e1534840263722-683x1024.jpg 683w, https:\/\/juraferien.ch\/wp-content\/uploads\/2018\/08\/DSC_3879-e1534840263722-200x300.jpg 200w, https:\/\/juraferien.ch\/wp-content\/uploads\/2018\/08\/DSC_3879-e1534840263722-768x1151.jpg 768w\" sizes=\"auto, (max-width: 525px) 100vw, 525px\" \/><\/p>\n<p><img loading=\"lazy\" decoding=\"async\" class=\"wp-image-528 size-large aligncenter\" src=\"https:\/\/juraferien.ch\/wp-content\/uploads\/2018\/08\/DSC_3886-e1534840299897-683x1024.jpg\" alt=\"\" width=\"525\" height=\"787\" srcset=\"https:\/\/juraferien.ch\/wp-content\/uploads\/2018\/08\/DSC_3886-e1534840299897-683x1024.jpg 683w, https:\/\/juraferien.ch\/wp-content\/uploads\/2018\/08\/DSC_3886-e1534840299897-200x300.jpg 200w, https:\/\/juraferien.ch\/wp-content\/uploads\/2018\/08\/DSC_3886-e1534840299897-768x1151.jpg 768w\" sizes=\"auto, (max-width: 525px) 100vw, 525px\" \/><\/p>\n\n\n<figure class=\"wp-block-image is-resized\"><img loading=\"lazy\" decoding=\"async\" src=\"https:\/\/juraferien.ch\/wp-content\/uploads\/2019\/01\/dez-08-029.jpg\" alt=\"\" class=\"wp-image-812\" width=\"568\" height=\"426\" srcset=\"https:\/\/juraferien.ch\/wp-content\/uploads\/2019\/01\/dez-08-029.jpg 448w, https:\/\/juraferien.ch\/wp-content\/uploads\/2019\/01\/dez-08-029-300x225.jpg 300w\" sizes=\"auto, (max-width: 568px) 100vw, 568px\" \/><figcaption>urgem\u00fctlich &#8211; auch im Winter&#8230;<\/figcaption><\/figure>\n","protected":false},"excerpt":{"rendered":"<p>Das Atelierhaus, gewidmet dem Physiker, Maler und Schriftsteller Karl Ballmer (1891- 1958), liegt hofnah unter einer alten Baumgruppe. Atelier 1, der \u00f6stliche Teil des Atelierhauses mit Blick auf den Hofplatz &#8222;la place de la r\u00e9publique&#8220;, ist ausgelegt f\u00fcr bis zu 8 Personen. Es verf\u00fcgt im Erdgeschoss \u00fcber einen hohen hellen Raum f\u00fcr K\u00fcche, Essplatz mit &hellip; <\/p>\n<p class=\"link-more\"><a href=\"https:\/\/juraferien.ch\/?page_id=441\" class=\"more-link\"><span class=\"screen-reader-text\">\u201eAtelierhaus I\u201c<\/span> weiterlesen<\/a><\/p>\n","protected":false},"author":1,"featured_media":531,"parent":8,"menu_order":0,"comment_status":"closed","ping_status":"closed","template":"","meta":{"_monsterinsights_skip_tracking":false,"_monsterinsights_sitenote_active":false,"_monsterinsights_sitenote_note":"","_monsterinsights_sitenote_category":0,"footnotes":""},"class_list":["post-441","page","type-page","status-publish","has-post-thumbnail","hentry"],"_links":{"self":[{"href":"https:\/\/juraferien.ch\/index.php?rest_route=\/wp\/v2\/pages\/441","targetHints":{"allow":["GET"]}}],"collection":[{"href":"https:\/\/juraferien.ch\/index.php?rest_route=\/wp\/v2\/pages"}],"about":[{"href":"https:\/\/juraferien.ch\/index.php?rest_route=\/wp\/v2\/types\/page"}],"author":[{"embeddable":true,"href":"https:\/\/juraferien.ch\/index.php?rest_route=\/wp\/v2\/users\/1"}],"replies":[{"embeddable":true,"href":"https:\/\/juraferien.ch\/index.php?rest_route=%2Fwp%2Fv2%2Fcomments&post=441"}],"version-history":[{"count":19,"href":"https:\/\/juraferien.ch\/index.php?rest_route=\/wp\/v2\/pages\/441\/revisions"}],"predecessor-version":[{"id":1672,"href":"https:\/\/juraferien.ch\/index.php?rest_route=\/wp\/v2\/pages\/441\/revisions\/1672"}],"up":[{"embeddable":true,"href":"https:\/\/juraferien.ch\/index.php?rest_route=\/wp\/v2\/pages\/8"}],"wp:featuredmedia":[{"embeddable":true,"href":"https:\/\/juraferien.ch\/index.php?rest_route=\/wp\/v2\/media\/531"}],"wp:attachment":[{"href":"https:\/\/juraferien.ch\/index.php?rest_route=%2Fwp%2Fv2%2Fmedia&parent=441"}],"curies":[{"name":"wp","href":"https:\/\/api.w.org\/{rel}","templated":true}]}}